{"id":147,"date":"2019-08-13T18:56:21","date_gmt":"2019-08-13T16:56:21","guid":{"rendered":"https:\/\/projektevernissage.fhstp.ac.at\/B\/?page_id=147"},"modified":"2019-08-13T19:14:34","modified_gmt":"2019-08-13T17:14:34","slug":"pv-plus-2019","status":"publish","type":"page","link":"https:\/\/projektevernissage.ustp.at\/B\/pv-plus-2019\/","title":{"rendered":"PV plus 2019"},"content":{"rendered":"\n<div class=\"blue-border-title\"><h1> \nPV plus 2019\n<\/h1><\/div>\n\n\n\n<figure class=\"wp-block-image\"><img loading=\"lazy\" decoding=\"async\" width=\"1024\" height=\"337\" src=\"https:\/\/projektevernissage.fhstp.ac.at\/B\/wp-content\/uploads\/2019\/08\/Sieger-Header_PV_2019-1024x337.jpg\" alt=\"\" class=\"wp-image-76\" srcset=\"https:\/\/projektevernissage.ustp.at\/B\/wp-content\/uploads\/2019\/08\/Sieger-Header_PV_2019-1024x337.jpg 1024w, https:\/\/projektevernissage.ustp.at\/B\/wp-content\/uploads\/2019\/08\/Sieger-Header_PV_2019-300x99.jpg 300w, https:\/\/projektevernissage.ustp.at\/B\/wp-content\/uploads\/2019\/08\/Sieger-Header_PV_2019-768x253.jpg 768w, https:\/\/projektevernissage.ustp.at\/B\/wp-content\/uploads\/2019\/08\/Sieger-Header_PV_2019-700x230.jpg 700w, https:\/\/projektevernissage.ustp.at\/B\/wp-content\/uploads\/2019\/08\/Sieger-Header_PV_2019-410x135.jpg 410w, https:\/\/projektevernissage.ustp.at\/B\/wp-content\/uploads\/2019\/08\/Sieger-Header_PV_2019-100x33.jpg 100w, https:\/\/projektevernissage.ustp.at\/B\/wp-content\/uploads\/2019\/08\/Sieger-Header_PV_2019-275x91.jpg 275w, https:\/\/projektevernissage.ustp.at\/B\/wp-content\/uploads\/2019\/08\/Sieger-Header_PV_2019.jpg 1771w\" sizes=\"auto, (max-width: 1024px) 100vw, 1024px\" \/><\/figure>\n\n\n\n<p>Heuer gab es erstmals auch einen Spezialpreis im Rahmen der Projektevernissage. Projekte die weitergef\u00fchrt werden sollen, hatten im Rahmen einer Pitching Session die Chance, ein Projektstipendium, vergeben vom F\u00f6rderverein der FH St. P\u00f6lten, zu gewinnen.<\/p>\n\n\n\n<p>Hier finden Sie die Siegerprojekte im \u00dcberblick:<\/p>\n\n\n\n<div class=\"single-project\">\n<h2><a href=\"\/B\/siegerinnenteams-2019\/2019-tenjin\">Tenjin<\/a><\/h2>\n<b>&#8211; eine interaktive Audience Responsive Web-App f\u00fcr Quizzes und Umfragen<\/b>\n<p>Projektmitglieder: Michael Hammerl (dd181502), Armin Kirchknopf (it181501), Magdalena Steinacker (it181515)\n<\/p>\n<p>\nKategorie: Medientechnik \u2013 Master\/Projektsemester\n<\/p>\n<b>F\u00f6rderung im Wert von \u20ac 4.000 .- <\/b>\n<\/div>\n\n\n\n<div class=\"single-project\">\n<h2><a href=\"\/B\/siegerinnenteams-2019\/2019-CAREFY\">CAREFY<\/a><\/h2>\n<b>Die App f\u00fcr Mitfahrgelegenheiten auf Kurzstrecken<\/b>\n<p>Projektmitglieder: Gernot Heil (bm161006), Lukas Brunner (mt151018), Isabella Konrath (mt161037), Albert Dominguez Ruiz (mt180004), Tim Schnakenberg (mt180010), Stefan Buser (so161002)\n<\/p>\n<p>\nKategorie: Medientechnik \u2013 Master\/Projektsemester\n<\/p>\n<b>F\u00f6rderung im Wert von \u20ac 2.500 .- <\/b>\n<\/div>\n\n\n\n<div class=\"single-project\">\n<h2><a href=\"\/B\/siegerinnenteams-2019\/2019-rentify\">Rentify<\/a><\/h2>\n<b>Die Plattform f\u00fcr das vermieten MITEINANDER<\/b>\n<p>Projektmitglieder: Fabian Heuber (mt161018), Andreas Leh (mt161045), Felix Lobinger (mt161048), Nikola Palic (mt161060), Monika Trajkovic (mt161084), Florian Weinhappl (mt161090), Thomas Hauser (mt161135), Jennifer Haider (mt162002)\n<\/p>\n<p>\nKategorie: Medientechnik \u2013 Master\/Projektsemester\n<\/p>\n<b>F\u00f6rderung im Wert von \u20ac 2.500 .- <\/b>\n<\/div>\n\n\n\n<div class=\"single-project\">\n<h2><a href=\"\/B\/siegerinnenteams-2019\/2019-inklusive-medienarbeit\">Inklusive Medienarbeit<\/a><\/h2>\n<b>Menschen mit kognitiver Beeintr\u00e4chtigung werden durch Medienarbeit in die Gesellschaft inkludiert<\/b>\n<p>Projektmitglieder: Ernst Tradinik (lbtradinik), Christina Damboeck (spa154003), Susanne J\u00e4ger (spa154014), Lukas Adler (spa164001), Irene Nu\u00dfbaumer (spa164003), Ingrid Hinterreitner (spa164005), Roswitha Struger (spa164006), Ralf Gr\u00f6ber (spa164008)\n<\/p>\n<p>\nKategorie: Soziales\n<\/p>\n<b>F\u00f6rderung im Wert von \u20ac 1.000 .- <\/b>\n<\/div>\n","protected":false},"excerpt":{"rendered":"<p>PV plus 2019 Heuer gab es erstmals auch einen Spezialpreis im Rahmen der Projektevernissage. Projekte die weitergef\u00fchrt werden sollen, hatten im Rahmen einer Pitching Session die Chance, ein Projektstipendium, vergeben vom F\u00f6rderverein der FH St. P\u00f6lten, zu gewinnen. Hier finden Sie die Siegerprojekte im \u00dcberblick: Tenjin &#8211; eine interaktive Audience Responsive Web-App f\u00fcr Quizzes und [&hellip;]<\/p>\n","protected":false},"author":1,"featured_media":0,"parent":0,"menu_order":0,"comment_status":"closed","ping_status":"closed","template":"page-templates\/page_fullwidth.php","meta":{"footnotes":""},"class_list":["post-147","page","type-page","status-publish","hentry"],"_links":{"self":[{"href":"https:\/\/projektevernissage.ustp.at\/B\/wp-json\/wp\/v2\/pages\/147","targetHints":{"allow":["GET"]}}],"collection":[{"href":"https:\/\/projektevernissage.ustp.at\/B\/wp-json\/wp\/v2\/pages"}],"about":[{"href":"https:\/\/projektevernissage.ustp.at\/B\/wp-json\/wp\/v2\/types\/page"}],"author":[{"embeddable":true,"href":"https:\/\/projektevernissage.ustp.at\/B\/wp-json\/wp\/v2\/users\/1"}],"replies":[{"embeddable":true,"href":"https:\/\/projektevernissage.ustp.at\/B\/wp-json\/wp\/v2\/comments?post=147"}],"version-history":[{"count":5,"href":"https:\/\/projektevernissage.ustp.at\/B\/wp-json\/wp\/v2\/pages\/147\/revisions"}],"predecessor-version":[{"id":649,"href":"https:\/\/projektevernissage.ustp.at\/B\/wp-json\/wp\/v2\/pages\/147\/revisions\/649"}],"wp:attachment":[{"href":"https:\/\/projektevernissage.ustp.at\/B\/wp-json\/wp\/v2\/media?parent=147"}],"curies":[{"name":"wp","href":"https:\/\/api.w.org\/{rel}","templated":true}]}}