{"id":154,"date":"2019-08-13T19:03:19","date_gmt":"2019-08-13T17:03:19","guid":{"rendered":"https:\/\/projektevernissage.fhstp.ac.at\/B\/?page_id=154"},"modified":"2019-08-13T19:11:09","modified_gmt":"2019-08-13T17:11:09","slug":"2019-carefy","status":"publish","type":"page","link":"https:\/\/projektevernissage.ustp.at\/B\/pv-plus-2019\/2019-carefy\/","title":{"rendered":"2019 CAREFY"},"content":{"rendered":"\n<div class=\"blue-border-title\">\n<h1>CAREFY\n<\/h1><\/div>\n\n\n\n\n<p><strong>CAREFY \u2013 Die App f\u00fcr Mitfahrgelegenheiten auf Kurzstrecken<\/strong><\/p>\n\n\n\n<p>CAREFY ist im Zuge des iLabs zwischen September und Dezember entstanden. Wir m\u00f6chten mit unserer App dazu beitragen, die Mobilit\u00e4t in l\u00e4ndlichen Gegenden zu st\u00e4rken. Das m\u00f6chten wir dadurch erreichen, dass Personen ihre freien Pl\u00e4tze im Auto auf ihren t\u00e4glichen (Kurz)Strecken (zb in die Arbeit) anbieten und Personen, die in die gleiche Richtung fahren wollen, mitnehmen. Das kann vor allem Menschen helfen, die nicht Auto fahren k\u00f6nnen oder kein Auto beseitzen. Die App kann aber auch f\u00fcr Car Pooling Zwecke genutzt werden, damit nicht jede*r allein mit dem Auto f\u00e4hrt, sondern die Autos gemeinsam genutzt werden. Als erste Funktion soll die App als digitales schwarzes Brett nutzbar sein, wo Fahrten eingetragen werden k\u00f6nnen und von anderen gesehen und gesucht werden. Wenn jemand mitfahren m\u00f6chte, kann er*sie durch eine Chatfunktion Kontakt aufnehmen. Sp\u00e4ter m\u00f6chten wir gerne auch die Buchung in die App inkludieren. Das war innerhalb der kurzen Zeit des iLabs noch nicht m\u00f6glich.<\/p>\n\n\n\n<p><strong>Studiengang<\/strong>: Studiengangs\u00fcbergreifend<br><strong>Lehrveranstaltung<\/strong>: iLab<br><strong>Lehrbeauftragte(r)<\/strong>: Kerstin Blumenstein<br><strong>Teamleader<\/strong>: Stefan Buser<br><strong>Projektmitglieder<\/strong>:<\/p>\n\n\n\n<ul class=\"wp-block-list\"><li>Gernot Heil (bm161006)<\/li><li>Lukas Brunner (mt151018)<\/li><li>Isabella Konrath (mt161037)<\/li><li>Albert Dominguez Ruiz (mt180004)<\/li><li>Tim Schnakenberg (mt180010)<\/li><li>Stefan Buser (so161002)<\/li><\/ul>\n\n\n\n<ul class=\"wp-block-gallery columns-2 is-cropped wp-block-gallery-1 is-layout-flex wp-block-gallery-is-layout-flex\"><li class=\"blocks-gallery-item\"><figure><a href=\"https:\/\/projektevernissage.fhstp.ac.at\/B\/wp-content\/uploads\/2019\/08\/Carefy-300x200.jpg\"><img loading=\"lazy\" decoding=\"async\" width=\"300\" height=\"200\" src=\"https:\/\/projektevernissage.fhstp.ac.at\/B\/wp-content\/uploads\/2019\/08\/Carefy-300x200.jpg\" alt=\"\" data-id=\"155\" data-link=\"https:\/\/projektevernissage.fhstp.ac.at\/B\/?attachment_id=155\" class=\"wp-image-155\" srcset=\"https:\/\/projektevernissage.ustp.at\/B\/wp-content\/uploads\/2019\/08\/Carefy-300x200.jpg 300w, https:\/\/projektevernissage.ustp.at\/B\/wp-content\/uploads\/2019\/08\/Carefy-300x200-100x67.jpg 100w, https:\/\/projektevernissage.ustp.at\/B\/wp-content\/uploads\/2019\/08\/Carefy-300x200-275x183.jpg 275w\" sizes=\"auto, (max-width: 300px) 100vw, 300px\" \/><\/a><figcaption> \u00a9 FH St. P\u00f6lten | Felix Deschmann <\/figcaption><\/figure><\/li><li class=\"blocks-gallery-item\"><figure><a href=\"https:\/\/projektevernissage.fhstp.ac.at\/B\/wp-content\/uploads\/2019\/08\/Pitch_Carefy-300x200.jpg\"><img loading=\"lazy\" decoding=\"async\" width=\"300\" height=\"200\" src=\"https:\/\/projektevernissage.fhstp.ac.at\/B\/wp-content\/uploads\/2019\/08\/Pitch_Carefy-300x200.jpg\" alt=\"\" data-id=\"156\" data-link=\"https:\/\/projektevernissage.fhstp.ac.at\/B\/?attachment_id=156\" class=\"wp-image-156\" srcset=\"https:\/\/projektevernissage.ustp.at\/B\/wp-content\/uploads\/2019\/08\/Pitch_Carefy-300x200.jpg 300w, https:\/\/projektevernissage.ustp.at\/B\/wp-content\/uploads\/2019\/08\/Pitch_Carefy-300x200-100x67.jpg 100w, https:\/\/projektevernissage.ustp.at\/B\/wp-content\/uploads\/2019\/08\/Pitch_Carefy-300x200-275x183.jpg 275w\" sizes=\"auto, (max-width: 300px) 100vw, 300px\" \/><\/a><figcaption> \u00a9 FH St. P\u00f6lten | Felix Deschmann <\/figcaption><\/figure><\/li><\/ul>\n\n\n\n<p><\/p>\n","protected":false},"excerpt":{"rendered":"<p>CAREFY CAREFY \u2013 Die App f\u00fcr Mitfahrgelegenheiten auf Kurzstrecken CAREFY ist im Zuge des iLabs zwischen September und Dezember entstanden. Wir m\u00f6chten mit unserer App dazu beitragen, die Mobilit\u00e4t in l\u00e4ndlichen Gegenden zu st\u00e4rken. Das m\u00f6chten wir dadurch erreichen, dass Personen ihre freien Pl\u00e4tze im Auto auf ihren t\u00e4glichen (Kurz)Strecken (zb in die Arbeit) anbieten [&hellip;]<\/p>\n","protected":false},"author":1,"featured_media":0,"parent":147,"menu_order":0,"comment_status":"closed","ping_status":"closed","template":"page-templates\/page_fullwidth.php","meta":{"footnotes":""},"class_list":["post-154","page","type-page","status-publish","hentry"],"_links":{"self":[{"href":"https:\/\/projektevernissage.ustp.at\/B\/wp-json\/wp\/v2\/pages\/154","targetHints":{"allow":["GET"]}}],"collection":[{"href":"https:\/\/projektevernissage.ustp.at\/B\/wp-json\/wp\/v2\/pages"}],"about":[{"href":"https:\/\/projektevernissage.ustp.at\/B\/wp-json\/wp\/v2\/types\/page"}],"author":[{"embeddable":true,"href":"https:\/\/projektevernissage.ustp.at\/B\/wp-json\/wp\/v2\/users\/1"}],"replies":[{"embeddable":true,"href":"https:\/\/projektevernissage.ustp.at\/B\/wp-json\/wp\/v2\/comments?post=154"}],"version-history":[{"count":2,"href":"https:\/\/projektevernissage.ustp.at\/B\/wp-json\/wp\/v2\/pages\/154\/revisions"}],"predecessor-version":[{"id":158,"href":"https:\/\/projektevernissage.ustp.at\/B\/wp-json\/wp\/v2\/pages\/154\/revisions\/158"}],"up":[{"embeddable":true,"href":"https:\/\/projektevernissage.ustp.at\/B\/wp-json\/wp\/v2\/pages\/147"}],"wp:attachment":[{"href":"https:\/\/projektevernissage.ustp.at\/B\/wp-json\/wp\/v2\/media?parent=154"}],"curies":[{"name":"wp","href":"https:\/\/api.w.org\/{rel}","templated":true}]}}