{"id":165,"date":"2019-08-13T19:10:15","date_gmt":"2019-08-13T17:10:15","guid":{"rendered":"https:\/\/projektevernissage.fhstp.ac.at\/B\/?page_id=165"},"modified":"2019-08-13T19:15:07","modified_gmt":"2019-08-13T17:15:07","slug":"2019-inklusive-medienarbeit","status":"publish","type":"page","link":"https:\/\/projektevernissage.ustp.at\/B\/pv-plus-2019\/2019-inklusive-medienarbeit\/","title":{"rendered":"2019 Inklusive Medienarbeit"},"content":{"rendered":"\n<div class=\"blue-border-title\">\n<h1>Inklusive Medienarbeit\n<\/h1><\/div>\n\n\n\n<p><strong>Menschen mit kognitiver Beeintr\u00e4chtigung werden durch Medienarbeit in die Gesellschaft inkludiert.<\/strong><\/p>\n\n\n\n<p>Wie halte ich ein Mikrofon richtig? Wie muss ich die Kamera einstellen? Wie k\u00f6nnen wir unsere Ideen umsetzen? Diese Fragen entstehen bei einem Projekt mit dem Thema \u201eInklusive Medienarbeit\u201c. Das Projekt wird gemeinsam mit Menschen mit kognitiver Beeintr\u00e4chtigung geplant, organisiert und durchgef\u00fchrt. Dabei hilft inklusive Medienarbeit, F\u00e4higkeiten zu entwickeln beziehungsweise zu f\u00f6rdern: Selbstreflexion, Selbstausdruck, Eigenwahrnehmung, Selbstwahrnehmung, Fremdwahrnehmung, Sicherheit, Selbstbewusstsein, Bewusstsein, Wissen, Erfahrungen, Selbstbestimmung, Selbsterm\u00e4chtigung, Fertigkeiten von Personen. Des Weiteren tragen Projekte inklusiver Medienarbeit \u2013 zum Beispiel durch Filme \u2013 Menschen mit kognitiver Beeintr\u00e4chtigung in die \u00d6ffentlichkeit. Dadurch k\u00f6nnen m\u00f6gliche Arbeitspl\u00e4tze f\u00fcr die Menschen mit kognitiver Beeintr\u00e4chtigung entstehen. Auch werden die Anliegen und Interessen der Menschen mit kognitiver Beeintr\u00e4chtigung kennen gelernt.<\/p>\n\n\n\n<p><strong>Studiengang<\/strong>: Sozialp\u00e4dagogik<br><strong>Lehrveranstaltung<\/strong>: Projektseminar<br><strong>Lehrbeauftragte(r)<\/strong>: Patricia Renner<br><strong>Teamleader<\/strong>: Ernst Tradinik<br><strong>Projektmitglieder<\/strong>:<\/p>\n\n\n\n<ul class=\"wp-block-list\"><li>Ernst Tradinik (lbtradinik)<\/li><li>Christina Damboeck (spa154003)<\/li><li>Susanne J\u00e4ger (spa154014)<\/li><li>Lukas Adler (spa164001)<\/li><li>Irene Nu\u00dfbaumer (spa164003)<\/li><li>Ingrid Hinterreitner (spa164005)<\/li><li>Roswitha Struger (spa164006)<\/li><li>Ralf Gr\u00f6ber (spa164008)<\/li><\/ul>\n\n\n\n<ul class=\"wp-block-gallery columns-2 is-cropped wp-block-gallery-1 is-layout-flex wp-block-gallery-is-layout-flex\"><li class=\"blocks-gallery-item\"><figure><a href=\"https:\/\/projektevernissage.fhstp.ac.at\/B\/wp-content\/uploads\/2019\/08\/Inklusive-Medienarbeit.jpg\"><img loading=\"lazy\" decoding=\"async\" width=\"750\" height=\"500\" src=\"https:\/\/projektevernissage.fhstp.ac.at\/B\/wp-content\/uploads\/2019\/08\/Inklusive-Medienarbeit.jpg\" alt=\"\" data-id=\"166\" data-link=\"https:\/\/projektevernissage.fhstp.ac.at\/B\/?attachment_id=166\" class=\"wp-image-166\" srcset=\"https:\/\/projektevernissage.ustp.at\/B\/wp-content\/uploads\/2019\/08\/Inklusive-Medienarbeit.jpg 750w, https:\/\/projektevernissage.ustp.at\/B\/wp-content\/uploads\/2019\/08\/Inklusive-Medienarbeit-300x200.jpg 300w, https:\/\/projektevernissage.ustp.at\/B\/wp-content\/uploads\/2019\/08\/Inklusive-Medienarbeit-700x467.jpg 700w, https:\/\/projektevernissage.ustp.at\/B\/wp-content\/uploads\/2019\/08\/Inklusive-Medienarbeit-410x273.jpg 410w, https:\/\/projektevernissage.ustp.at\/B\/wp-content\/uploads\/2019\/08\/Inklusive-Medienarbeit-100x67.jpg 100w, https:\/\/projektevernissage.ustp.at\/B\/wp-content\/uploads\/2019\/08\/Inklusive-Medienarbeit-275x183.jpg 275w\" sizes=\"auto, (max-width: 750px) 100vw, 750px\" \/><\/a><figcaption> \u00a9 FH St. P\u00f6lten | Felix Deschmann <\/figcaption><\/figure><\/li><li class=\"blocks-gallery-item\"><figure><a href=\"https:\/\/projektevernissage.fhstp.ac.at\/B\/wp-content\/uploads\/2019\/08\/Pitch_Inklusive_Medienarbeit.jpg\"><img loading=\"lazy\" decoding=\"async\" width=\"750\" height=\"500\" src=\"https:\/\/projektevernissage.fhstp.ac.at\/B\/wp-content\/uploads\/2019\/08\/Pitch_Inklusive_Medienarbeit.jpg\" alt=\"\" data-id=\"167\" data-link=\"https:\/\/projektevernissage.fhstp.ac.at\/B\/?attachment_id=167\" class=\"wp-image-167\" srcset=\"https:\/\/projektevernissage.ustp.at\/B\/wp-content\/uploads\/2019\/08\/Pitch_Inklusive_Medienarbeit.jpg 750w, https:\/\/projektevernissage.ustp.at\/B\/wp-content\/uploads\/2019\/08\/Pitch_Inklusive_Medienarbeit-300x200.jpg 300w, https:\/\/projektevernissage.ustp.at\/B\/wp-content\/uploads\/2019\/08\/Pitch_Inklusive_Medienarbeit-700x467.jpg 700w, https:\/\/projektevernissage.ustp.at\/B\/wp-content\/uploads\/2019\/08\/Pitch_Inklusive_Medienarbeit-410x273.jpg 410w, https:\/\/projektevernissage.ustp.at\/B\/wp-content\/uploads\/2019\/08\/Pitch_Inklusive_Medienarbeit-100x67.jpg 100w, https:\/\/projektevernissage.ustp.at\/B\/wp-content\/uploads\/2019\/08\/Pitch_Inklusive_Medienarbeit-275x183.jpg 275w\" sizes=\"auto, (max-width: 750px) 100vw, 750px\" \/><\/a><figcaption> \u00a9 FH St. P\u00f6lten | Felix Deschmann <\/figcaption><\/figure><\/li><\/ul>\n","protected":false},"excerpt":{"rendered":"<p>Inklusive Medienarbeit Menschen mit kognitiver Beeintr\u00e4chtigung werden durch Medienarbeit in die Gesellschaft inkludiert. Wie halte ich ein Mikrofon richtig? Wie muss ich die Kamera einstellen? Wie k\u00f6nnen wir unsere Ideen umsetzen? Diese Fragen entstehen bei einem Projekt mit dem Thema \u201eInklusive Medienarbeit\u201c. Das Projekt wird gemeinsam mit Menschen mit kognitiver Beeintr\u00e4chtigung geplant, organisiert und durchgef\u00fchrt. [&hellip;]<\/p>\n","protected":false},"author":1,"featured_media":0,"parent":147,"menu_order":0,"comment_status":"closed","ping_status":"closed","template":"page-templates\/page_fullwidth.php","meta":{"footnotes":""},"class_list":["post-165","page","type-page","status-publish","hentry"],"_links":{"self":[{"href":"https:\/\/projektevernissage.ustp.at\/B\/wp-json\/wp\/v2\/pages\/165","targetHints":{"allow":["GET"]}}],"collection":[{"href":"https:\/\/projektevernissage.ustp.at\/B\/wp-json\/wp\/v2\/pages"}],"about":[{"href":"https:\/\/projektevernissage.ustp.at\/B\/wp-json\/wp\/v2\/types\/page"}],"author":[{"embeddable":true,"href":"https:\/\/projektevernissage.ustp.at\/B\/wp-json\/wp\/v2\/users\/1"}],"replies":[{"embeddable":true,"href":"https:\/\/projektevernissage.ustp.at\/B\/wp-json\/wp\/v2\/comments?post=165"}],"version-history":[{"count":2,"href":"https:\/\/projektevernissage.ustp.at\/B\/wp-json\/wp\/v2\/pages\/165\/revisions"}],"predecessor-version":[{"id":171,"href":"https:\/\/projektevernissage.ustp.at\/B\/wp-json\/wp\/v2\/pages\/165\/revisions\/171"}],"up":[{"embeddable":true,"href":"https:\/\/projektevernissage.ustp.at\/B\/wp-json\/wp\/v2\/pages\/147"}],"wp:attachment":[{"href":"https:\/\/projektevernissage.ustp.at\/B\/wp-json\/wp\/v2\/media?parent=165"}],"curies":[{"name":"wp","href":"https:\/\/api.w.org\/{rel}","templated":true}]}}