{"id":491,"date":"2019-10-11T13:03:52","date_gmt":"2019-10-11T11:03:52","guid":{"rendered":"https:\/\/projektevernissage.fhstp.ac.at\/B\/?page_id=491"},"modified":"2026-03-02T09:19:47","modified_gmt":"2026-03-02T08:19:47","slug":"faq-fur-ausstellerinnen","status":"publish","type":"page","link":"https:\/\/projektevernissage.ustp.at\/B\/home\/faq-fur-ausstellerinnen\/","title":{"rendered":"FAQ f\u00fcr Aussteller*innen"},"content":{"rendered":"<div class=\"blue-border-title\">\n<h1 id=\"top\">FAQ f\u00fcr Aussteller*innen<\/h1>\n<\/div>\n<ul>\n<li><a href=\"#Allgemeines\"><span style=\"font-family: arial, helvetica, sans-serif;\">Allgemeines<\/span><\/a><\/li>\n<li><a href=\"#Anmeldung\"><span style=\"line-height: 1.5; font-family: arial, helvetica, sans-serif;\">Anmeldung <\/span><\/a><\/li>\n<li><a href=\"#Ausstattung\"><span style=\"line-height: 1.5; font-family: arial, helvetica, sans-serif;\">Standaustattung und -gestaltung <\/span><\/a><\/li>\n<li><a href=\"#Jury\"><span style=\"line-height: 1.5; font-family: arial, helvetica, sans-serif;\">Jury und Bewertung<\/span><\/a><\/li>\n<li><a href=\"#Sonstiges\"><span style=\"font-family: arial, helvetica, sans-serif;\">Sonstiges<\/span><\/a><\/li>\n<\/ul>\n<div class=\"entry-content\"><hr \/>\n<h2 id=\"Allgemeines\"><span style=\"font-family: arial, helvetica, sans-serif;\">Allgemeines<\/span><\/h2>\n<h3 class=\"entry-content\"><span style=\"font-family: arial, helvetica, sans-serif;\">Was ist das Ziel der Projektevernissage?<\/span><\/h3>\n<div class=\"entry-content\">\n<p><span style=\"font-family: arial, helvetica, sans-serif;\">Das Motto &#8222;projekte.verbinden&#8220; soll w\u00f6rtlich genommen werden. Im Rahmen der Projektevernissage bietet sich eine einmalige Gelegenheit f\u00fcr alle Studierenden, Lehrbeauftragte, Mitarbeiter*innen und Interessierte sich \u00fcber Projekte aller Departments zu informieren.<br \/><\/span><span style=\"font-family: arial, helvetica, sans-serif;\">Auch Aussteller*innen sind angehalten, sich Projektst\u00e4nde von Kolleg*innen, aber auch anderen Departments anzusehen. Lassen Sie sich von anderen Projekten inspirieren und tauschen Sie sich untereinander aus!<\/span><\/p>\n<h3><span style=\"font-family: arial, helvetica, sans-serif;\">Wie l\u00e4uft die Projektevernissage ab?\u00a0<\/span><\/h3>\n<\/div>\n<ul>\n<li><span style=\"font-family: arial, helvetica, sans-serif;\">15:00 Uhr | Offizielle Er\u00f6ffnung, Gro\u00dfer Festsaal<\/span><\/li>\n<li><span style=\"font-family: arial, helvetica, sans-serif;\">15:00\u201318:30 Uhr | Pr\u00e4sentation der Projektst\u00e4nde<\/span><\/li>\n<li><span style=\"font-family: arial, helvetica, sans-serif;\">15:30\u201318:00 Uhr | <a href=\"#Jury\">Jurybewertung<\/a> durch teilnehmende Studierende<\/span><\/li>\n<li><span style=\"font-family: arial, helvetica, sans-serif;\">15:10\u201315:30 Uhr | Pitching Session der Projektst\u00e4nde im Gro\u00dfen Festsaal<\/span><\/li>\n<li><span style=\"font-family: arial, helvetica, sans-serif;\">18:00 Uhr | Siegerehrung Projektst\u00e4nde pro Kategorie<\/span><\/li>\n<\/ul>\n<h3><span style=\"font-family: arial, helvetica, sans-serif;\">Wer darf die Projektevernissage besuchen?\u00a0<\/span><\/h3>\n<p><span style=\"font-family: arial, helvetica, sans-serif;\">Jede*r! Alle Interessierten, Freunde, Familie oder Bekannte sind herzlich willkommen. Laden Sie auch Projektkund*innen, Praktikumsfirmen und Arbeitskolleg*innen dazu ein!\u00a0<\/span><\/p>\n<h6><a href=\"#top\"><span style=\"font-size: 10pt;\"><span style=\"font-family: arial, helvetica, sans-serif;\">nach oben<\/span><\/span><\/a><\/h6>\n<hr \/>\n<h2 id=\"Anmeldung\"><span style=\"font-family: arial, helvetica, sans-serif;\">Anmeldung<\/span><\/h2>\n<h3><span style=\"font-family: arial, helvetica, sans-serif; line-height: 1.5;\">Was gibt es bez\u00fcglich Anmeldetool\/-prozess zu wissen?\u00a0<\/span><\/h3>\n<ul>\n<li><span style=\"font-family: arial, helvetica, sans-serif;\">Der Standplatz kann selbst bei der <a href=\"\/B\/projekteanmeldung\/\">Projekteanmeldung <\/a>ausgew\u00e4hlt werden. First come, first served!<\/span><\/li>\n<li><span style=\"font-family: arial, helvetica, sans-serif;\">Die <a href=\"#Jury\">Bewertung<\/a> erfolgt durch die ausstellenden Studierenden selbst! Jedes Team entsendet bei der Projektanmeldung mindestens 1 Teammitglied, um andere St\u00e4nde zu bewerten.<\/span><\/li>\n<\/ul>\n<div class=\"entry-content\">\n<h3><span style=\"font-family: arial, helvetica, sans-serif;\">Welche Projekte sind zugelassen?<\/span><\/h3>\n<p><span style=\"font-family: arial, helvetica, sans-serif;\">Alle Projekte aus der Lehre, jedes Studien- oder Lehrgangs, egal welcher Jahrgang (auch in englischer Sprache) der USTP \u2013 University of Applied Sciences St. P\u00f6lten sind zur Projektevernissage zugelassen.<\/span><br \/><span style=\"font-family: arial, helvetica, sans-serif;\"><strong>Bitte beachten Sie: <\/strong>Wir k\u00f6nnen ausschlie\u00dflich vollst\u00e4ndig ausgef\u00fcllte Projekteinreichungen ber\u00fccksichtigen.<\/span><\/p>\n<h3><span style=\"font-family: arial, helvetica, sans-serif;\">Bis wann kann ich mich anmelden? Welche Zugangsdaten verwende ich dazu?\u00a0<\/span><\/h3>\n<p><span style=\"font-family: arial, helvetica, sans-serif;\">Melden Sie sich und Ihr Projekt f\u00fcr die an und sichern Sie sich einen Platz an vorderster Messe-Front. Bitte verwenden Sie hierzu Ihren \u00fcblichen <strong>USTP-Login<\/strong>. <\/span><\/p>\n<ul>\n<li><span style=\"font-family: arial, helvetica, sans-serif;\"><strong>15. Dezember | <\/strong>Anmeldeschluss <strong>Projektevernissage Winter<\/strong><\/span><span style=\"font-family: arial, helvetica, sans-serif;\"><br \/><\/span><\/li>\n<li><span style=\"font-family: arial, helvetica, sans-serif;\"><strong>31. Mai | <\/strong>Anmeldeschluss <strong>Projektevernissage Sommer<\/strong><\/span><\/li>\n<\/ul>\n<p><span style=\"font-family: arial, helvetica, sans-serif;\"><a href=\"\/B\/projekteanmeldung\/\">Hier gehts zur Projektanmeldung.<\/a><\/span><\/p>\n<h3><span style=\"font-family: arial, helvetica, sans-serif;\">Muss sich jedes Teammitglied extra anmelden?<\/span><\/h3>\n<p><span style=\"font-family: arial, helvetica, sans-serif;\">Nein, bitte nur <strong>eine <\/strong><strong>Meldung\u00a0pro Projekt<\/strong> durchf\u00fchren \u2013 am besten durch den\/die Projektleiter*in mit Angabe aller Teammitglieder*innen (dadurch werden gleichzeitig Rechte zur Bearbeitung an alle Teammitglieder vergeben).<\/span><\/p>\n<h3><span style=\"font-family: arial, helvetica, sans-serif;\">Ich m\u00f6chte mein Projekt anmelden, mir fehlen aber ein paar Informationen. Kann ich sp\u00e4ter an der Anmeldung noch etwas \u00e4ndern?<\/span><\/h3>\n<p><span style=\"font-family: arial, helvetica, sans-serif;\">Ja, man kann sich jederzeit bis zum Anmeldeschluss im System einloggen und Daten \u00e4ndern oder erg\u00e4nzen, z. B. ein Bild hochladen, die Beschreibung umformulieren, <\/span><span style=\"font-family: arial, helvetica, sans-serif; line-height: 1.5;\">Standanforderungen beschreiben, Plakate drucken lassen, <\/span><span style=\"font-family: arial, helvetica, sans-serif; line-height: 1.5;\">usw.<\/span><\/p>\n<h3><span style=\"font-family: arial, helvetica, sans-serif;\">Ich habe die Projektanmeldung durchgef\u00fchrt, woran erkenne ich, dass die Anmeldung funktioniert hat? <\/span><\/h3>\n<p><span style=\"font-family: arial, helvetica, sans-serif;\">Sobald ein Projekt angemeldet wurde, bekommen Sie und die bekanntgegebenen Teammitglieder eine Best\u00e4tigungsmail. Au\u00dferdem wird Ihr Projekt automatisiert in die <a href=\"\/B\/projektgalerie\/\"><strong>Projektgalerie<\/strong><\/a> eingetragen. Bitte kontrollieren Sie, ob das Projekt in der <a href=\"\/B\/projektgalerie\/\">Projektgalerie<\/a> aufscheint.<\/span><\/p>\n<h6><a href=\"#top\"><span style=\"font-size: 10pt;\"><span style=\"font-family: arial, helvetica, sans-serif;\">nach oben<\/span><\/span><\/a><\/h6>\n<hr \/>\n<h2 id=\"Ausstattung\"><span style=\"font-family: arial, helvetica, sans-serif;\">Standausstattung und -gestaltung<\/span><\/h2>\n<h3><span style=\"font-family: arial, helvetica, sans-serif;\">Was umfasst das Standard-Equipment pro Stand?\u00a0<\/span><\/h3>\n<\/div>\n<p><span style=\"font-family: arial, helvetica, sans-serif;\">Pro Stand sind standardm\u00e4\u00dfig 2\u00d72 m Platz vorgesehen. Von Seiten der Veranstalter*innen bekommen Sie standardm\u00e4\u00dfig eine M\u00f6glichkeit, Plakate aufzuh\u00e4ngen (Pinnwand, Glasfl\u00e4che, Wand, je nach Standplatz).<\/span><\/p>\n<div class=\"entry-content\">\n<h3><span style=\"font-family: arial, helvetica, sans-serif;\">Bis wann soll ich mein zus\u00e4tzliches Standequipment bestellen?<\/span><\/h3>\n<p><span style=\"font-family: arial, helvetica, sans-serif;\">Geben Sie bitte <\/span><\/p>\n<ul>\n<li><span style=\"font-family: arial, helvetica, sans-serif;\">bis sp\u00e4testens <strong>5. J\u00e4nner\u00a0 | 12.00 Uhr (Projektevernissage Winter)<\/strong><\/span><\/li>\n<li>bis sp\u00e4testens <strong>31<\/strong><strong style=\"font-family: arial, helvetica, sans-serif; color: initial;\">. Mai | 12.00 Uhr (Projektevernissage Sommer)<\/strong><\/li>\n<\/ul>\n<p><span style=\"font-family: arial, helvetica, sans-serif;\">in der <a href=\"\/B\/projektverwaltung\/\" target=\"_blank\" rel=\"noopener noreferrer\">Projektverwaltung<\/a> unter Standgestaltung bekannt, welches zus\u00e4tzliche Equipment Sie f\u00fcr den Stand von Seiten der Veranstalter*innen ben\u00f6tigen (auch Stromanschl\u00fcsse).<br \/>Achtung: Daf\u00fcr muss davor bis zum Anmeldeschluss das Projekt \u00fcberhaupt angemeldet worden sein.<\/span><\/p>\n<h3><span style=\"font-family: arial, helvetica, sans-serif;\">Ich brauche f\u00fcr meinen Stand einen Monitor, Beamer, Radio, Computer oder \u00e4hnliches. Bekomme ich auch solches Equipment von den Veranstalter*innen?<br \/><\/span><\/h3>\n<p><span style=\"font-family: arial, helvetica, sans-serif;\">Leider Nein! Bitte denken Sie rechtzeitig an die <strong>selbstst\u00e4ndige<\/strong> Nutzung der <strong>USTP-Verleihsysteme<\/strong>. R\u00fcckfragen im Zweifelsfall: <a href=\"mailto:projektevernissage@ustp.at\">projektevernissage@ustp.at<\/a><\/span><\/p>\n<h3><span style=\"font-family: arial, helvetica, sans-serif;\">Darf ich eigene M\u00f6bel, Ger\u00e4te, Transparente oder dergleichen mitnehmen? Darf ich Musik abspielen?\u00a0<\/span><\/h3>\n<p><span style=\"font-family: arial, helvetica, sans-serif;\">Ja, alles, was Sie auf 2\u00d72m unterbringen, d\u00fcrfen Sie auch verwenden. Sie d\u00fcrfen jedoch nichts permanent an die W\u00e4nde kleben oder spr\u00fchen. Vermeiden Sie unangenehme Ger\u00fcche (z. B. durch Sprays, Kleber, etc.) und sehr laute Ger\u00e4usche oder Musik, die die Pr\u00e4sentation anderer St\u00e4nde beeintr\u00e4chtigen k\u00f6nnen.<br \/><\/span><span style=\"font-family: arial, helvetica, sans-serif;\"><strong>Achtung:<\/strong> Leicht entflammbare Materialien (z. B. Stroh, trockenes Reisig, etc.) sind nicht gestattet. R\u00fcckfragen im Zweifelsfall: <a href=\"mailto:projektevernissage@ustp.at\">projektevernissage@ustp.at<\/a><\/span><\/p>\n<h3><span style=\"font-family: arial, helvetica, sans-serif;\">Wie komme ich an angefordertes Equipment?<\/span><\/h3>\n<p><span style=\"font-family: arial, helvetica, sans-serif;\">Soweit es m\u00f6glich ist, werden angegebene M\u00f6bel und Strom bereits am Stand bereit stehen. Gegebenenfalls liegt eine Information auf, wo etwas abzuholen und zur\u00fcckzugeben ist. Die Koordination \u00fcbernimmt Klaus Temper | T: +43 676 847 228 256 . Wenden Sie sich bitte am Veranstaltungstag direkt an ihn oder Peter Hackl-Lehner | T: +43 676 847 228 678.<\/span><\/p>\n<h3><span style=\"font-family: arial, helvetica, sans-serif;\">Kann ich ein Plakat zu unserem Projekt in der USTP drucken lassen?<\/span><\/h3>\n<p><span style=\"font-family: arial, helvetica, sans-serif;\">Wenn Sie ein Plakat ben\u00f6tigen, k\u00f6nnen Sie dieses \u00fcber das Veranstaltungsteam der Vernissage drucken lassen. Bis sp\u00e4testens <\/span><\/p>\n<ul>\n<li><span style=\"font-family: arial, helvetica, sans-serif;\"><strong>Montag, 6. J\u00e4nner | 12.00 Uhr (Projektevernissage Winter)<\/strong><\/span><\/li>\n<li><span style=\"font-family: arial, helvetica, sans-serif;\"><strong>Montag, 8. Juni | 12.00 Uhr <strong style=\"font-family: arial, helvetica, sans-serif; color: initial;\">(Projektevernissage Sommer)<\/strong><\/strong><\/span><\/li>\n<\/ul>\n<p><span style=\"font-family: arial, helvetica, sans-serif;\">k\u00f6nnen die Plakate mit Angabe der gew\u00fcnschten Druckgr\u00f6\u00dfe hochgeladen werden.\u00a0<\/span><span style=\"line-height: 1.5; font-family: arial, helvetica, sans-serif;\">Bitte dazu den Dateiupload in der\u00a0<\/span><a style=\"line-height: 1.5; font-family: arial, helvetica, sans-serif;\" href=\"\/B\/projektverwaltung\/\">Projektverwaltung<\/a><span style=\"line-height: 1.5; font-family: arial, helvetica, sans-serif;\">\u00a0nutzen.\u00a0<\/span><span style=\"font-family: arial, helvetica, sans-serif;\">Ausschlie\u00dflich Dateien als PDF und in der richtigen Gr\u00f6\u00dfe (A0 oder A1), sowie in nicht abfallendem Format werden gedruckt!\u00a0<\/span><span style=\"font-family: arial, helvetica, sans-serif;\">Keine Gew\u00e4hrleistung\u00a0gibt es f\u00fcr Dateien in A6 \u2013 A2, Word-, Excel-oder JPEG-Dateien.<br \/><\/span><span style=\"font-family: arial, helvetica, sans-serif;\">Abzuholen sind die Plakate am Veranstaltungstag im gro\u00dfen Festsaal bei der B\u00fchne.<br \/><\/span><span style=\"font-family: arial, helvetica, sans-serif;\"><strong>Achtung<\/strong>: Copyright bei Bildern\/Grafiken ber\u00fccksichtigen und angeben!\u00a0<\/span><\/p>\n<h3><span style=\"font-family: arial, helvetica, sans-serif;\">Wie und wo erfahre ich, wo sich mein Aussteller*innenstand befindet?<\/span><\/h3>\n<p><span style=\"font-family: arial, helvetica, sans-serif;\">Sie k\u00f6nnen sich in der Projektverwaltung den Standplatz selbst aussuchen. Platzverf\u00fcgbarkeit folgt dem Prinzip first come, first served! Weiters wird der Standplan auf der Startseite unserer Webseite abrufbar sein.<br \/>Achtung: Standw\u00fcnsche m\u00fcssen auch gut begr\u00fcndet und die Standgestaltung entsprechend beschrieben sein. Das Veranstaltungsteam beh\u00e4lt sich vor, St\u00e4nde entsprechend ihrer Standgestaltung zu verschieben. (Ein Stand, der z. B. nur ein Plakat aufh\u00e4ngt, aber einen prominenten Standplatz mit viel Platz reserviert, w\u00fcrde z. B. verschoben werden.)<br \/>Deadline f\u00fcr die Standbeschreibungen sind:<\/span><\/p>\n<ul>\n<li><span style=\"font-family: arial, helvetica, sans-serif;\">6. J\u00e4nner (Projektevernissage Winter)<\/span><\/li>\n<li><span style=\"font-family: arial, helvetica, sans-serif;\">31. Mai (Projektevernissage Sommer)<\/span><\/li>\n<\/ul>\n<h6><a href=\"#top\"><span style=\"font-size: 10pt;\"><span style=\"font-family: arial, helvetica, sans-serif;\">nach oben<\/span><\/span><\/a><\/h6>\n<hr \/>\n<h2 id=\"Jury\"><span style=\"font-family: arial, helvetica, sans-serif;\">Jury und Bewertung<\/span><\/h2>\n<h3><span style=\"font-family: arial, helvetica, sans-serif;\">Wie setzt sich die Jury zusammen?<\/span><\/h3>\n<ul>\n<li><span style=\"font-family: arial, helvetica, sans-serif;\">durch ausstellende Studierende<\/span><\/li>\n<li><span style=\"font-family: arial, helvetica, sans-serif;\">Angabe eines Teammitglieds (bei Projektanmeldung im Anmeldeformular), welches als Jurymitglied entsendet wird<\/span><\/li>\n<li><span style=\"font-family: arial, helvetica, sans-serif;\">Ein Juryteam besteht aus 2 Personen aus unterschiedlichen Studieng\u00e4ngen, die nach Zufallsprinzip zusammen gelost werden.<\/span><\/li>\n<li><span style=\"font-family: arial, helvetica, sans-serif;\">Info \u00fcber Jurypartner und Aktivierungscodes f\u00fcr App werden per E-Mail zugesandt<\/span><\/li>\n<\/ul>\n<h3><span style=\"font-family: arial, helvetica, sans-serif;\">Wie l\u00e4uft die Beurteilung der Jury ab?\u00a0<\/span><\/h3>\n<\/div>\n<ol>\n<li><span style=\"font-family: arial, helvetica, sans-serif;\">Jurymitglied A trifft sich mit anderem zugewiesenen Jurymitglied B<\/span><\/li>\n<li><span style=\"font-family: arial, helvetica, sans-serif;\">Das Team A+B loggt sich gemeinsam in Bewertungsapp ein und schaltet damit die Bewertung frei (Aktivierungscodes beider Jurymitglieder erforderlich)\u00a0<\/span><\/li>\n<li><span style=\"font-family: arial, helvetica, sans-serif;\">Das Juryteam besucht die 5-6 ihnen zugewiesenen St\u00e4nde<\/span><\/li>\n<li><span style=\"font-family: arial, helvetica, sans-serif;\">Gemeinsame Bewertung des Projektstandes unter Ber\u00fccksichtigung der Kriterien (jeweiliger Standcode erforderlich)\u00a0<\/span><\/li>\n<\/ol>\n<p><span style=\"font-family: arial, helvetica, sans-serif;\">Falls ein Juryteam keine Bewertung abgibt, werden die jeweiligen St\u00e4nde, welche die Jurymitglieder entsendet hat, f\u00fcr die Siegerehrung disqualifiziert.\u00a0<\/span><\/p>\n<h3><span style=\"font-family: arial, helvetica, sans-serif;\">Was tun, wenn kein Jurymitglied des anderen Projektes zu finden ist? \u00a0<\/span><\/h3>\n<p><span style=\"font-family: arial, helvetica, sans-serif;\">Die Bewertung kann auch mit einem beliebigen anderen angemeldeten Projektmitglieds durchgef\u00fchrt werden. Sollte vom zugewiesenen Projektstand niemand anwesend sein, bitte Bescheid geben an Peter Hackl-Lehner | T: +43 676 847 228 678 oder Klaus Temper | T: +43 676 847 228 256.<\/span><\/p>\n<h3><span style=\"font-family: arial, helvetica, sans-serif;\">Nach welchen Kriterien wird beurteilt? \u00a0<\/span><\/h3>\n<ul>\n<li><span style=\"font-family: arial, helvetica, sans-serif;\">Standgestaltung<\/span><\/li>\n<li><span style=\"font-family: arial, helvetica, sans-serif;\">Darstellung des Projektprozesses<\/span><\/li>\n<li><span style=\"font-family: arial, helvetica, sans-serif;\">Qualit\u00e4t \/ Originalit\u00e4t<\/span><\/li>\n<li><span style=\"font-family: arial, helvetica, sans-serif;\">Auftreten des Projektteams<\/span><\/li>\n<\/ul>\n<h3><span style=\"font-family: arial, helvetica, sans-serif;\">Gibt es eine inhaltliche Clusterung bei den Projekten?<\/span><\/h3>\n<p><span style=\"font-family: arial, helvetica, sans-serif;\">Die Projektst\u00e4nde werden von Fachpersonen der Departments inhaltlichen \u00dcberkategorien zugeteilt. Pro Kategorie wird ein Siegerteam aus der Bewertung durch die Jurys ermittelt (direkt per App).\u00a0<\/span><\/p>\n<h6><a href=\"#top\"><span style=\"font-size: 10pt;\"><span style=\"font-family: arial, helvetica, sans-serif;\">nach oben<\/span><\/span><\/a><\/h6>\n<\/div>\n<div class=\"entry-content\"><hr \/>\n<h2 id=\"Sonstiges\"><span style=\"font-family: arial, helvetica, sans-serif; color: revert; font-size: revert; font-weight: revert;\">Sonstiges<\/span><\/h2>\n<div class=\"entry-content\">\n<h3><span style=\"font-family: arial, helvetica, sans-serif;\">Gibt es f\u00fcr die Aussteller*innen ein Budget und wof\u00fcr kann ich es verwenden?<\/span><\/h3>\n<p><span style=\"font-family: arial, helvetica, sans-serif;\">Ja, jedes Projektteam kann Ausgaben bis zu EUR 30.- maximal je Stand geltend machen. Die Auslagen werden\u00a0nach der Projektevernissage\u00a0nur gegen <strong>Vorlage einer Rechnung<\/strong> zur\u00fcckerstattet. Das Budget kann f\u00fcr jede Art von Marketingma\u00dfnahmen f\u00fcr <strong>Standgestaltung<\/strong> sowie f\u00fcr die<strong> Standverpflegung (ausgenommen alkoholische Getr\u00e4nke) <\/strong><\/span><span style=\"font-family: arial, helvetica, sans-serif; line-height: inherit;\">verwendet werden. Im Sinne der Nachhaltigkeit wird auch f\u00fcr Wegwerfgeschirr (Becher, Teller, etc.) kein Geld zur\u00fcckerstattet.<\/span><span style=\"line-height: inherit; font-family: arial, helvetica, sans-serif;\"><br \/><\/span><span style=\"font-family: arial, helvetica, sans-serif;\">Die Erstattung des Geldes bzw. die Abgabe der Rechnungen muss ausnahmslos bis sp\u00e4testens <strong>18<\/strong><\/span><span style=\"font-family: arial, helvetica, sans-serif;\"><strong>. J\u00e4nner (Projektevernissage Winter) bzw. 21<\/strong><\/span><span style=\"font-family: arial, helvetica, sans-serif;\"><strong>. Juni (Projektevernissage Sommer) <\/strong><\/span><span style=\"font-family: arial, helvetica, sans-serif;\"> beim <strong>Team Eventmanagement<\/strong> erfolgen. Bitte hierf\u00fcr das Kostenersatzformular downloaden und per E-Mail an <a href=\"mailto:projektevernissage@ustp.at\">projektevernissage@ustp.at<\/a> \u00fcbermitteln. Die Originalrechnung muss an das Formular angeh\u00e4ngt sein!<\/span><\/p>\n<h3><span style=\"font-family: arial, helvetica, sans-serif;\">Ab wann k\u00f6nnen wir unseren Stand aufbauen?<\/span><\/h3>\n<p><span style=\"font-family: arial, helvetica, sans-serif;\">Der Aufbau der St\u00e4nde ist am Veranstaltungstag ab <strong>12.00 Uhr<\/strong> m\u00f6glich.<\/span><\/p>\n<h3><span style=\"font-family: arial, helvetica, sans-serif;\">Wo finde ich die allgemeinen Teilnahmebedingungen f\u00fcr Veranstaltungen an der USTP St. P\u00f6lten?\u00a0<\/span><\/h3>\n<p><span style=\"font-family: arial, helvetica, sans-serif;\">Mit der Einreichung Ihres Projekts im Rahmen der Projektevernissage erkl\u00e4ren Sie sich als Projektteam mit den <a href=\"https:\/\/www.ustp.at\/de\/anmeldung\/datenschutzbestimmungen-fuer-die-einreichung-zu-einem-wettbewerb\" target=\"_blank\" rel=\"noopener noreferrer\">Datenschutzbestimmungen<\/a> einverstanden.<\/span><\/p>\n<hr \/>\n<h6><a href=\"#top\"><span style=\"font-size: 10pt;\"><span style=\"font-family: arial, helvetica, sans-serif;\">nach oben<\/span><\/span><\/a><\/h6>\n<\/div>\n<\/div>\n<div class=\"entry-content\">\u00a0<\/div>\n\n\n<pre class=\"wp-block-code\"><code><\/code><\/pre>\n\n\n","protected":false},"excerpt":{"rendered":"<p>FAQ f\u00fcr Aussteller*innen Allgemeines Anmeldung Standaustattung und -gestaltung Jury und Bewertung Sonstiges Allgemeines Was ist das Ziel der Projektevernissage? Das Motto &#8222;projekte.verbinden&#8220; soll w\u00f6rtlich genommen werden. Im Rahmen der Projektevernissage bietet sich eine einmalige Gelegenheit f\u00fcr alle Studierenden, Lehrbeauftragte, Mitarbeiter*innen und Interessierte sich \u00fcber Projekte aller Departments zu informieren.Auch Aussteller*innen sind angehalten, sich Projektst\u00e4nde von [&hellip;]<\/p>\n","protected":false},"author":2,"featured_media":0,"parent":10,"menu_order":0,"comment_status":"closed","ping_status":"closed","template":"","meta":{"footnotes":""},"class_list":["post-491","page","type-page","status-publish","hentry"],"_links":{"self":[{"href":"https:\/\/projektevernissage.ustp.at\/B\/wp-json\/wp\/v2\/pages\/491","targetHints":{"allow":["GET"]}}],"collection":[{"href":"https:\/\/projektevernissage.ustp.at\/B\/wp-json\/wp\/v2\/pages"}],"about":[{"href":"https:\/\/projektevernissage.ustp.at\/B\/wp-json\/wp\/v2\/types\/page"}],"author":[{"embeddable":true,"href":"https:\/\/projektevernissage.ustp.at\/B\/wp-json\/wp\/v2\/users\/2"}],"replies":[{"embeddable":true,"href":"https:\/\/projektevernissage.ustp.at\/B\/wp-json\/wp\/v2\/comments?post=491"}],"version-history":[{"count":106,"href":"https:\/\/projektevernissage.ustp.at\/B\/wp-json\/wp\/v2\/pages\/491\/revisions"}],"predecessor-version":[{"id":2569,"href":"https:\/\/projektevernissage.ustp.at\/B\/wp-json\/wp\/v2\/pages\/491\/revisions\/2569"}],"up":[{"embeddable":true,"href":"https:\/\/projektevernissage.ustp.at\/B\/wp-json\/wp\/v2\/pages\/10"}],"wp:attachment":[{"href":"https:\/\/projektevernissage.ustp.at\/B\/wp-json\/wp\/v2\/media?parent=491"}],"curies":[{"name":"wp","href":"https:\/\/api.w.org\/{rel}","templated":true}]}}